{"id":14,"date":"2023-04-11T17:08:52","date_gmt":"2023-04-11T15:08:52","guid":{"rendered":"https:\/\/ambasciatapraga.esteri.it\/?page_id=14"},"modified":"2026-04-15T15:16:23","modified_gmt":"2026-04-15T13:16:23","slug":"italia-e-montenegro","status":"publish","type":"page","link":"https:\/\/ambpodgorica.esteri.it\/it\/italia-e-montenegro\/","title":{"rendered":"Italia e Montenegro"},"content":{"rendered":"<p><strong>Italia e Montenegro<\/strong><\/p>\n<p style=\"text-align: justify;\">L\u2019Italia rappresenta per il Montenegro un partner di rilevanza strategica in considerazione del risoluto <strong>sostegno del nostro Paese al percorso di integrazione europea di Podgorica<\/strong>, che, tra i Paesi candidati, rappresenta il \u201c<strong>front-runner<\/strong>\u201d del processo. Il Montenegro \u00e8 stato tra l\u2019altro il primo dei Paesi candidati a ottenere l\u2019Interim Benchmark Assessment Report (<strong>IBAR<\/strong>) da parte della Commissione europea, nel giugno 2024, cio\u00e8 l\u2019attestazione del raggiungimento dei parametri intermedi nei capitoli 23 (Giustizia e diritti fondamentali) e 24 (Giustizia, libert\u00e0 e sicurezza).<\/p>\n<p style=\"text-align: justify;\">Il sostegno dell\u2019Italia al percorso europeo Montenegro si esplicita inoltre nell\u2019erogazione di <strong>assistenza tecnica<\/strong>, anche nell\u2019ambito di progetti europei, in particolare nei settori della lotta alla criminalit\u00e0 organizzata e alla corruzione, attraverso la partecipazione del nostro Ministero dell\u2019Interno\/Dipartimento di Pubblica Sicurezza. Al momento, i progetti cui partecipa il Dipartimento di PS sono <strong><a href=\"https:\/\/www.cilc.nl\/projects\/eu-support-to-strengthen-the-fight-against-migrant-smuggling-and-trafficking-in-human-beings-in-the-western-balkans\/\">EU4FAST<\/a> &#8211; \u201c<\/strong><strong><u>EU support to strengthen the fight against migrant smuggling and trafficking in human beings in the Western Balkans\u201d <\/u><\/strong>che ha una dimensione regionale, e <strong>EU4LEM-<\/strong> <strong>\u201c<\/strong><strong>EU Support for Law Enforcement in Montenegro<\/strong><strong>\u201d<\/strong>, le cui attivit\u00e0 sono state avviate dal settembre 2025.<\/p>\n<p style=\"text-align: justify;\">Tra 2024 e 2025, molteplici sono state le visite di alto livello dall\u2019Italia in Montenegro.<\/p>\n<p>&nbsp;<\/p>\n<p style=\"text-align: justify;\"><em>Visita dell\u2019On. Antonio Tajani in Montenegro (Podgorica, 10 settembre 2024)<\/em><\/p>\n<p style=\"text-align: justify;\"><img loading=\"lazy\" decoding=\"async\" class=\"alignnone wp-image-4575 img-fluid\" src=\"https:\/\/ambpodgorica.esteri.it\/wp-content\/uploads\/2025\/10\/foto-IM1-300x200.jpg\" alt=\"\" width=\"601\" height=\"400\" srcset=\"https:\/\/ambpodgorica.esteri.it\/wp-content\/uploads\/2025\/10\/foto-IM1-300x200.jpg 300w, https:\/\/ambpodgorica.esteri.it\/wp-content\/uploads\/2025\/10\/foto-IM1-1024x682.jpg 1024w, https:\/\/ambpodgorica.esteri.it\/wp-content\/uploads\/2025\/10\/foto-IM1-768x512.jpg 768w, https:\/\/ambpodgorica.esteri.it\/wp-content\/uploads\/2025\/10\/foto-IM1.jpg 1599w\" sizes=\"auto, (max-width: 601px) 100vw, 601px\" \/><\/p>\n<p style=\"text-align: justify;\"><img loading=\"lazy\" decoding=\"async\" class=\"alignnone wp-image-4578 img-fluid\" src=\"https:\/\/ambpodgorica.esteri.it\/wp-content\/uploads\/2025\/10\/foto-IM2-300x200.jpg\" alt=\"\" width=\"601\" height=\"400\" srcset=\"https:\/\/ambpodgorica.esteri.it\/wp-content\/uploads\/2025\/10\/foto-IM2-300x200.jpg 300w, https:\/\/ambpodgorica.esteri.it\/wp-content\/uploads\/2025\/10\/foto-IM2-1024x682.jpg 1024w, https:\/\/ambpodgorica.esteri.it\/wp-content\/uploads\/2025\/10\/foto-IM2-768x512.jpg 768w, https:\/\/ambpodgorica.esteri.it\/wp-content\/uploads\/2025\/10\/foto-IM2.jpg 1600w\" sizes=\"auto, (max-width: 601px) 100vw, 601px\" \/><\/p>\n<p style=\"text-align: justify;\"><img loading=\"lazy\" decoding=\"async\" class=\"alignnone wp-image-4579 img-fluid\" src=\"https:\/\/ambpodgorica.esteri.it\/wp-content\/uploads\/2025\/10\/foto-IM3-300x200.jpg\" alt=\"\" width=\"601\" height=\"400\" srcset=\"https:\/\/ambpodgorica.esteri.it\/wp-content\/uploads\/2025\/10\/foto-IM3-300x200.jpg 300w, https:\/\/ambpodgorica.esteri.it\/wp-content\/uploads\/2025\/10\/foto-IM3-1024x682.jpg 1024w, https:\/\/ambpodgorica.esteri.it\/wp-content\/uploads\/2025\/10\/foto-IM3-768x512.jpg 768w, https:\/\/ambpodgorica.esteri.it\/wp-content\/uploads\/2025\/10\/foto-IM3.jpg 1600w\" sizes=\"auto, (max-width: 601px) 100vw, 601px\" \/><\/p>\n<p style=\"text-align: justify;\">In occasione della visita, il VPCM e Ministro degli Affari Esteri e della Cooperazione Internazionale, On. Antonio Tajani, ha avuto incontri con il Presidente Jakov Milatovi\u0107, il Primo Ministro Milojko Spaji\u0107 e il Vice PM e Ministro degli Esteri Ervin Ibrahimovi\u0107.<\/p>\n<p style=\"text-align: justify;\">Ha inoltre inaugurato, insieme all\u2019omologo montenegrino, i lavori della seconda riunione del \u201cTavolo energia Italia-Montenegro\u201d, con l\u2019obiettivo di favorire il dialogo tra Italia e Montenegro e promuovere il cosiddetto \u201ccoupling\u201d, cio\u00e8 l\u2019integrazione dei mercati elettrici dei due Paesi.<\/p>\n<p>&nbsp;<\/p>\n<p>&nbsp;<\/p>\n<p style=\"text-align: justify;\"><em>Visita del Signor Presidente della Repubblica Sergio Mattarella in Montenegro (Podgorica, 17 e 18 febbraio 2025)<\/em><\/p>\n<p style=\"text-align: justify;\"><img loading=\"lazy\" decoding=\"async\" class=\"alignnone wp-image-4582 img-fluid\" src=\"https:\/\/ambpodgorica.esteri.it\/wp-content\/uploads\/2025\/10\/foto-IM4-300x202.jpg\" alt=\"\" width=\"596\" height=\"402\" srcset=\"https:\/\/ambpodgorica.esteri.it\/wp-content\/uploads\/2025\/10\/foto-IM4-300x202.jpg 300w, https:\/\/ambpodgorica.esteri.it\/wp-content\/uploads\/2025\/10\/foto-IM4.jpg 1186w\" sizes=\"auto, (max-width: 596px) 100vw, 596px\" \/><\/p>\n<p style=\"text-align: justify;\"><img loading=\"lazy\" decoding=\"async\" class=\"alignnone wp-image-4585 img-fluid\" src=\"https:\/\/ambpodgorica.esteri.it\/wp-content\/uploads\/2025\/10\/foto-IM5-300x212.jpg\" alt=\"\" width=\"599\" height=\"423\" srcset=\"https:\/\/ambpodgorica.esteri.it\/wp-content\/uploads\/2025\/10\/foto-IM5-300x212.jpg 300w, https:\/\/ambpodgorica.esteri.it\/wp-content\/uploads\/2025\/10\/foto-IM5-1024x725.jpg 1024w, https:\/\/ambpodgorica.esteri.it\/wp-content\/uploads\/2025\/10\/foto-IM5-768x544.jpg 768w, https:\/\/ambpodgorica.esteri.it\/wp-content\/uploads\/2025\/10\/foto-IM5.jpg 1218w\" sizes=\"auto, (max-width: 599px) 100vw, 599px\" \/><\/p>\n<p style=\"text-align: justify;\">In occasione della visita il Signor Presidente della Repubblica Sergio Mattarella ha incontrato l\u2019omologo Jakov Milatovi\u0107 e il Primo Ministro Milojko Spaji\u0107.<\/p>\n<p style=\"text-align: justify;\">Durante la visita il Signor Presidente della Repubblica, insieme al Presidente del Montenegro e alla presenza della Ministro per la Cultura e i Media, ha inaugurato la mostra \u201cMontenegro e Italia: l\u2019incontro di due popoli\u201d.<\/p>\n<p style=\"text-align: justify;\">Il Signor Presidente ha inoltre preso parte ad un incontro con una rappresentanza di connazionali residenti in Montenegro.<\/p>\n<p>&nbsp;<\/p>\n<p>&nbsp;<\/p>\n<p style=\"text-align: justify;\"><em>Visita in Montenegro della delegazione parlamentare della Commissione Affari Esteri e Difesa del Senato della Repubblica (Podgorica, 17-19 marzo 2025)<\/em><\/p>\n<p style=\"text-align: justify;\"><img loading=\"lazy\" decoding=\"async\" class=\"alignnone wp-image-4587 img-fluid\" src=\"https:\/\/ambpodgorica.esteri.it\/wp-content\/uploads\/2025\/10\/foto-IM6-300x192.jpg\" alt=\"\" width=\"600\" height=\"384\" srcset=\"https:\/\/ambpodgorica.esteri.it\/wp-content\/uploads\/2025\/10\/foto-IM6-300x192.jpg 300w, https:\/\/ambpodgorica.esteri.it\/wp-content\/uploads\/2025\/10\/foto-IM6-1024x654.jpg 1024w, https:\/\/ambpodgorica.esteri.it\/wp-content\/uploads\/2025\/10\/foto-IM6-768x491.jpg 768w, https:\/\/ambpodgorica.esteri.it\/wp-content\/uploads\/2025\/10\/foto-IM6.jpg 1435w\" sizes=\"auto, (max-width: 600px) 100vw, 600px\" \/><\/p>\n<p style=\"text-align: justify;\">\u00a0<img loading=\"lazy\" decoding=\"async\" class=\"alignnone wp-image-4591 img-fluid\" src=\"https:\/\/ambpodgorica.esteri.it\/wp-content\/uploads\/2025\/10\/foto-IM7.jpg-300x189.png\" alt=\"\" width=\"601\" height=\"378\" srcset=\"https:\/\/ambpodgorica.esteri.it\/wp-content\/uploads\/2025\/10\/foto-IM7.jpg-300x189.png 300w, https:\/\/ambpodgorica.esteri.it\/wp-content\/uploads\/2025\/10\/foto-IM7.jpg-768x483.png 768w, https:\/\/ambpodgorica.esteri.it\/wp-content\/uploads\/2025\/10\/foto-IM7.jpg.png 855w\" sizes=\"auto, (max-width: 601px) 100vw, 601px\" \/><\/p>\n<p style=\"text-align: justify;\">In occasione della visita in Montenegro della delegazione parlamentare della Commissione Affari Esteri e Difesa del Senato della Repubblica<em>, <\/em>guidata dalla Presidente, Stefania Craxi, accompagnata dal Sen. Luigi Spagnolli<em>,<\/em> si sono tenuti incontri sia in Parlamento che con rappresentanti del Governo.<\/p>\n<p style=\"text-align: justify;\">Nell\u2019ambito della visita, \u00e8 stato firmato un Protocollo d\u2019intesa sulla Cooperazione Parlamentare, dalla Presidente Craxi, e dai Presidenti Miodrag Lakovi\u0107, Presidente per la Commissione parlamentare per la Sicurezza e la Difesa, e Du\u0161ko Stjepovi\u0107, Presidente per la Commissione parlamentare per le Relazioni Internazionali e le Migrazioni.<\/p>\n<p>&nbsp;<\/p>\n<p>&nbsp;<\/p>\n<p style=\"text-align: justify;\"><em>Visita in Montenegro del Ministro della Salute, Prof. Orazio Schillaci (Podgorica, 5 e 6 maggio 2025)<\/em><\/p>\n<p style=\"text-align: justify;\"><img loading=\"lazy\" decoding=\"async\" class=\"alignnone wp-image-4588 img-fluid\" src=\"https:\/\/ambpodgorica.esteri.it\/wp-content\/uploads\/2025\/10\/foto-IM7-225x300.jpg\" alt=\"\" width=\"499\" height=\"665\" srcset=\"https:\/\/ambpodgorica.esteri.it\/wp-content\/uploads\/2025\/10\/foto-IM7-225x300.jpg 225w, https:\/\/ambpodgorica.esteri.it\/wp-content\/uploads\/2025\/10\/foto-IM7-768x1024.jpg 768w, https:\/\/ambpodgorica.esteri.it\/wp-content\/uploads\/2025\/10\/foto-IM7.jpg 1114w\" sizes=\"auto, (max-width: 499px) 100vw, 499px\" \/><\/p>\n<p style=\"text-align: justify;\"><img loading=\"lazy\" decoding=\"async\" class=\"alignnone wp-image-4592 img-fluid\" src=\"https:\/\/ambpodgorica.esteri.it\/wp-content\/uploads\/2025\/10\/foto-IM8-300x187.jpg\" alt=\"\" width=\"601\" height=\"374\" srcset=\"https:\/\/ambpodgorica.esteri.it\/wp-content\/uploads\/2025\/10\/foto-IM8-300x187.jpg 300w, https:\/\/ambpodgorica.esteri.it\/wp-content\/uploads\/2025\/10\/foto-IM8-1024x639.jpg 1024w, https:\/\/ambpodgorica.esteri.it\/wp-content\/uploads\/2025\/10\/foto-IM8-768x479.jpg 768w, https:\/\/ambpodgorica.esteri.it\/wp-content\/uploads\/2025\/10\/foto-IM8.jpg 1492w\" sizes=\"auto, (max-width: 601px) 100vw, 601px\" \/><\/p>\n<p style=\"text-align: justify;\">Durante la visita del Ministro della Salute, Prof. Orazio Schillaci con l\u2019omologo montenegrino, Vojislav \u0160imun, sono state discusse le prospettive di un approfondimento della cooperazione in ambito sanitario.<\/p>\n<p style=\"text-align: justify;\">I Ministri hanno illustrato i rispettivi programmi di ammodernamento e ampliamento delle reti sanitarie e hanno effettuato una visita al Centro Clinico del Montenegro, unica istituzione di assistenza sanitaria di terzo livello, operante anche come centro di secondo livello per cinque Municipalit\u00e0, e ove \u00e8 ubicato l\u2019unico reparto di Cardiochirurgia esistente in Montenegro.<\/p>\n<p style=\"text-align: justify;\"><em>\u00a0<\/em><\/p>\n<p>&nbsp;<\/p>\n<p style=\"text-align: justify;\"><em>Visita in Montenegro del Ministro dell&#8217;Istruzione e del Merito della Repubblica italiana, Prof. Giuseppe Valditara (Podgorica,<\/em> <em>9 e 10 giugno 2025)<\/em><\/p>\n<p style=\"text-align: justify;\"><img loading=\"lazy\" decoding=\"async\" class=\"alignnone wp-image-4594 img-fluid\" src=\"https:\/\/ambpodgorica.esteri.it\/wp-content\/uploads\/2025\/10\/foto-IM9-300x300.jpg\" alt=\"\" width=\"500\" height=\"500\" srcset=\"https:\/\/ambpodgorica.esteri.it\/wp-content\/uploads\/2025\/10\/foto-IM9-300x300.jpg 300w, https:\/\/ambpodgorica.esteri.it\/wp-content\/uploads\/2025\/10\/foto-IM9-1024x1024.jpg 1024w, https:\/\/ambpodgorica.esteri.it\/wp-content\/uploads\/2025\/10\/foto-IM9-150x150.jpg 150w, https:\/\/ambpodgorica.esteri.it\/wp-content\/uploads\/2025\/10\/foto-IM9-768x768.jpg 768w, https:\/\/ambpodgorica.esteri.it\/wp-content\/uploads\/2025\/10\/foto-IM9.jpg 1238w\" sizes=\"auto, (max-width: 500px) 100vw, 500px\" \/><\/p>\n<p style=\"text-align: justify;\"><img loading=\"lazy\" decoding=\"async\" class=\"alignnone wp-image-4595 img-fluid\" src=\"https:\/\/ambpodgorica.esteri.it\/wp-content\/uploads\/2025\/10\/foto-IM10-300x300.jpg\" alt=\"\" width=\"500\" height=\"500\" srcset=\"https:\/\/ambpodgorica.esteri.it\/wp-content\/uploads\/2025\/10\/foto-IM10-300x300.jpg 300w, https:\/\/ambpodgorica.esteri.it\/wp-content\/uploads\/2025\/10\/foto-IM10-1024x1024.jpg 1024w, https:\/\/ambpodgorica.esteri.it\/wp-content\/uploads\/2025\/10\/foto-IM10-150x150.jpg 150w, https:\/\/ambpodgorica.esteri.it\/wp-content\/uploads\/2025\/10\/foto-IM10-768x768.jpg 768w, https:\/\/ambpodgorica.esteri.it\/wp-content\/uploads\/2025\/10\/foto-IM10.jpg 1360w\" sizes=\"auto, (max-width: 500px) 100vw, 500px\" \/><\/p>\n<p style=\"text-align: justify;\">In occasione dell\u2019incontro fra il Ministro Giuseppe Valditara e la Ministro per l\u2019Istruzione, la Scienza e l\u2019Innovazione, An\u0111ela Jak\u0161i\u0107-Stojanovi\u0107, sono state discusse proposte per rafforzare la collaborazione in ambito educativo.<\/p>\n<p style=\"text-align: justify;\">Particolare attenzione \u00e8 stata dedicata all\u2019istruzione tecnico-professionale e alla formazione nei settori del turismo, dell\u2019agroalimentare e della sostenibilit\u00e0.<\/p>\n<p style=\"text-align: justify;\">I due Ministri hanno firmato un Memorandum d\u2019Intesa per la collaborazione nel settore dell\u2019istruzione e visitato il Liceo Slobodan \u0160kerovi\u0107 a Podgorica.<\/p>\n<p style=\"text-align: justify;\">Il Ministro Valditara ha avuto l\u2019opportunit\u00e0 di incontrare un gruppo di alunni montenegrini tra i vincitori dell\u2019ultima edizione del \u201cGreen Game.<\/p>\n<p>&nbsp;<\/p>\n<p><em>Visita in Montenegro del Ministro della Difesa, Guido Crosetto (Podgorica,<\/em> 3 <em>marzo 2026)<\/em><\/p>\n<p style=\"text-align: justify;\"><img loading=\"lazy\" decoding=\"async\" class=\"alignnone wp-image-5374 img-fluid\" src=\"https:\/\/ambpodgorica.esteri.it\/wp-content\/uploads\/2026\/04\/visita-crosetto.png\" alt=\"\" width=\"619\" height=\"408\" srcset=\"https:\/\/ambpodgorica.esteri.it\/wp-content\/uploads\/2026\/04\/visita-crosetto.png 823w, https:\/\/ambpodgorica.esteri.it\/wp-content\/uploads\/2026\/04\/visita-crosetto-300x198.png 300w, https:\/\/ambpodgorica.esteri.it\/wp-content\/uploads\/2026\/04\/visita-crosetto-768x507.png 768w\" sizes=\"auto, (max-width: 619px) 100vw, 619px\" \/><\/p>\n<p><img loading=\"lazy\" decoding=\"async\" class=\"alignnone wp-image-5375 img-fluid\" src=\"https:\/\/ambpodgorica.esteri.it\/wp-content\/uploads\/2026\/04\/crosetto-2.png\" alt=\"\" width=\"624\" height=\"430\" srcset=\"https:\/\/ambpodgorica.esteri.it\/wp-content\/uploads\/2026\/04\/crosetto-2.png 790w, https:\/\/ambpodgorica.esteri.it\/wp-content\/uploads\/2026\/04\/crosetto-2-300x207.png 300w, https:\/\/ambpodgorica.esteri.it\/wp-content\/uploads\/2026\/04\/crosetto-2-768x530.png 768w\" sizes=\"auto, (max-width: 624px) 100vw, 624px\" \/><\/p>\n<p><img loading=\"lazy\" decoding=\"async\" class=\"alignnone wp-image-5377 img-fluid\" src=\"https:\/\/ambpodgorica.esteri.it\/wp-content\/uploads\/2026\/04\/Crosetto-3.png\" alt=\"\" width=\"626\" height=\"413\" srcset=\"https:\/\/ambpodgorica.esteri.it\/wp-content\/uploads\/2026\/04\/Crosetto-3.png 780w, https:\/\/ambpodgorica.esteri.it\/wp-content\/uploads\/2026\/04\/Crosetto-3-300x198.png 300w, https:\/\/ambpodgorica.esteri.it\/wp-content\/uploads\/2026\/04\/Crosetto-3-768x507.png 768w\" sizes=\"auto, (max-width: 626px) 100vw, 626px\" \/><\/p>\n<p style=\"text-align: justify;\">Il Ministro della Difesa della Repubblica Italiana, Guido Crosetto, si \u00e8 recato in visita ufficiale in Montenegro, dove ha incontrato il proprio omologo Dragan Krapovi\u0107.<\/p>\n<p style=\"text-align: justify;\">Durante l&#8217;incontro \u00e8 stato firmato l&#8217;Accordo di cooperazione in materia di difesa tra il Governo della Repubblica Italiana e il Governo del Montenegro.<\/p>\n","protected":false},"excerpt":{"rendered":"Italia e Montenegro L\u2019Italia rappresenta per il Montenegro un partner di rilevanza strategica in considerazione del risoluto sostegno del nostro Paese al percorso di integrazione europea di Podgorica, che, tra i Paesi candidati, rappresenta il \u201cfront-runner\u201d del processo. Il Montenegro \u00e8 stato tra l\u2019altro il primo dei Paesi candidati a ottenere l\u2019Interim Benchmark Assessment Report [&hellip;]","protected":false},"author":1,"featured_media":0,"parent":0,"menu_order":4,"comment_status":"closed","ping_status":"closed","template":"","meta":{"footnotes":""},"class_list":["post-14","page","type-page","status-publish","hentry"],"_links":{"self":[{"href":"https:\/\/ambpodgorica.esteri.it\/it\/wp-json\/wp\/v2\/pages\/14","targetHints":{"allow":["GET"]}}],"collection":[{"href":"https:\/\/ambpodgorica.esteri.it\/it\/wp-json\/wp\/v2\/pages"}],"about":[{"href":"https:\/\/ambpodgorica.esteri.it\/it\/wp-json\/wp\/v2\/types\/page"}],"author":[{"embeddable":true,"href":"https:\/\/ambpodgorica.esteri.it\/it\/wp-json\/wp\/v2\/users\/1"}],"replies":[{"embeddable":true,"href":"https:\/\/ambpodgorica.esteri.it\/it\/wp-json\/wp\/v2\/comments?post=14"}],"version-history":[{"count":6,"href":"https:\/\/ambpodgorica.esteri.it\/it\/wp-json\/wp\/v2\/pages\/14\/revisions"}],"predecessor-version":[{"id":5467,"href":"https:\/\/ambpodgorica.esteri.it\/it\/wp-json\/wp\/v2\/pages\/14\/revisions\/5467"}],"wp:attachment":[{"href":"https:\/\/ambpodgorica.esteri.it\/it\/wp-json\/wp\/v2\/media?parent=14"}],"curies":[{"name":"wp","href":"https:\/\/api.w.org\/{rel}","templated":true}]}}